{"id":174448,"date":"2022-09-01T11:21:30","date_gmt":"2022-09-01T09:21:30","guid":{"rendered":"https:\/\/www.groupe-sos.org\/presentation\/"},"modified":"2025-09-02T09:44:49","modified_gmt":"2025-09-02T07:44:49","slug":"introduction","status":"publish","type":"page","link":"https:\/\/www.groupe-sos.org\/en\/le-groupe-sos\/introduction\/","title":{"rendered":"Introduction"},"content":{"rendered":"<div id=\"field_powf165375ed923431e\" class=\"container-fluid px-0 flexible_section heropages block_hero\">\n  <div id=\"hero_powf165375ed923431e\" class=\"hero_container px-0\">\n   <div class=\"hero_image_outer\">\n<picture class=\"skip-lazy\">\r\n\t\t\t\t\t<source srcset=\"https:\/\/www.groupe-sos.org\/wp-content\/uploads\/2024\/10\/Home_EN-40-years.png\" media=\"(min-width: 578px)\" class=\"skip-lazy\">\r\n\t\t\t\t\t<img srcset=\"https:\/\/www.groupe-sos.org\/wp-content\/uploads\/2024\/10\/Home_mobile_EN-40-years.png\" alt=\"\" class=\"heroimage \" \/>\r\n\t\t\t\t<\/picture>   <\/div>\n  <\/div>\n<\/div>\n\n\n<div id=\"field_powa082b4ce3f9344cb\" class=\"container-fluid px-0 flexible_section block_columns\">\n <div id=\"field_powa082b4ce3f9344cb_inner\" class=\"container flexible_section_inner\">\n\n   <div class=\"row flexible_section_content\">\n\n   <div class=\"p-5 col-sm-12 colonne colonne1\">\n    <div class=\"colonne_inner  text-left\">\n<h3>Groupe SOS<\/h3>\n<h1>Introduction<\/h1>\n    <\/div>\n   <\/div>\n  <\/div>\n\n <\/div>\n<\/div>\n\n\n<div id=\"field_powd3e6a89f332c4d29\" class=\"container-fluid px-0 flexible_section block_breadcrumb\">\n <div id=\"field_powd3e6a89f332c4d29_inner\" class=\"container flexible_section_inner\">\n\n  <div class=\"row flexible_section_content\">\n\n   <div class=\"breadcrumb_outer\" id=\"breadcrumb_powd3e6a89f332c4d29\">\n\n   <nav aria-label=\"breadcrumb\" id=\"breadcrumb_powd3e6a89f332c4d29_nav\">\n    <ol class=\"breadcrumb\">\n<li class=\"breadcrumb-item\"><a href=\"https:\/\/www.groupe-sos.org\/en\/le-groupe-sos\/\" class=\"GroupeSOS \">Groupe SOS<\/a><\/li>\n<li class=\"breadcrumb-item active\" aria-current=\"page\">Introduction<\/li>\n      <\/ol>\n   <\/nav>\n\n   <\/div>\n\n  <\/div>\n\n <\/div>\n<\/div>\n\n\n<div id=\"field_6317434208ae4\" class=\"container-fluid px-0 flexible_section block_columns\">\n <div id=\"field_6317434208ae4_inner\" class=\"container flexible_section_inner\">\n\n  <div class=\"row flexible_section_title_container\"><div class=\"col-12 flexible_section_title_col\"><h2 class=\"flexible_section_title mb-5 text-left  \"> Groupe SOS, A major non-profit group for social cohesion and entrepreneurship worldwide<\/h2><\/div><\/div>\n   <div class=\"row flexible_section_content\">\n\n   <div class=\"mb-3 mb-sm-0 col-sm-6 colonne colonne1\">\n    <div class=\"colonne_inner  text-left\">\n<p>Groupe SOS is a non-profit organisation committed to fostering social cohesion. It develops associations and social enterprises, united by their social and environmental commitments.<\/p>\n<p>Its initiatives are structured around two main priorities:<\/p>\n<ul>\n<li>Managing non-profit facilities dedicated to youth, healthcare, vulnerable individuals, and the elderly<\/li>\n<li>Preparing for a sustainable and inclusive future through initiatives for ecological transition, regional revitalisation, responsible businesses, and access to culture.<\/li>\n<\/ul>\n<p>Secular and non-partisan, it promotes a genuine social vision focused on the common good.<\/p>\n    <\/div>\n   <\/div>\n   <div class=\"col-sm-6 colonne colonne2\">\n    <div class=\"colonne_inner  text-left\">\n\r\n\t<div class=\"youtube-video-place embed-responsive\" data-ratio=\"16by9\" data-yturl=\"https:\/\/www.youtube.com\/embed\/HNSehgD6tIs?autoplay=1&amp;rel=0&amp;showinfo=0\">\r\n\t\t<div class=\"youtube-video-place-inner\">\r\n\t\t\t<img decoding=\"async\" src=\"https:\/\/www.groupe-sos.org\/wp-content\/themes\/flexipow\/assets\/icons\/videoplayer.png\" class=\"play-youtube-button\" alt=\"youtubebutton\">\r\n\t\t\t<img decoding=\"async\" src=\"https:\/\/i.ytimg.com\/vi\/HNSehgD6tIs\/maxresdefault.jpg\" class=\"play-youtube-video w-100 skip-lazy\" alt=\"video\">\r\n\t\t<\/div>\t\r\n\t<\/div>\r\n\t\n    <\/div>\n   <\/div>\n  <\/div>\n\n <\/div>\n<\/div>\n\n\n<div id=\"field_pow1da1f4327eaf4cbf\" class=\"container-fluid px-0 flexible_section block_columns\">\n <div id=\"field_pow1da1f4327eaf4cbf_inner\" class=\"container flexible_section_inner\">\n\n   <div class=\"row flexible_section_content\">\n\n   <div class=\"col-sm-12 colonne colonne1\">\n    <div class=\"colonne_inner  text-left\">\n<p>With 26,000 employees, 2 million beneficiaries each year, and a presence in 50 countries, Groupe SOS demonstrates that large-scale impact is both desirable and achievable in building a fairer and more inclusive future.<\/p>\n    <\/div>\n   <\/div>\n  <\/div>\n\n <\/div>\n<\/div>\n\n\n<div id=\"field_6317453f30ed7\" class=\"container-fluid px-0 flexible_section block_components\">\n <div id=\"field_6317453f30ed7_inner\" class=\"container flexible_section_inner\">\n\n  <div class=\"row flexible_section_content\">\n\n   <div class=\" col-sm-12 component component_1  \">\n    <div class=\"colonne_inner \">\n  <div class=\"counters row\" id=\"counter_6317453f30ed7_1_outer\">\n   <div id=\"counter_6317453f30ed7_1_0\" class=\"counters col-4\">\n    <div class=\"counters_inner \">\n<div class=\"text-center\"><p><img loading=\"lazy\" decoding=\"async\" class=\"size-full wp-image-155216 aligncenter skip-lazy\" src=\"https:\/\/www.groupe-sos.org\/wp-content\/uploads\/2022\/06\/PICTO-BULLE-picto_ETABLISSEMENT.png\" alt=\"\" width=\"82\" height=\"82\" \/><\/p>\n<\/div>\r\n<h2 class=\"my-0 text-center\"><span id=\"counter_6317453f30ed7_1_0_value\">0<\/span><\/h2>\r\n<div class=\"text-center\">facilities and services<\/div>    <\/div>\n   <\/div>\n   <div id=\"counter_6317453f30ed7_1_1\" class=\"counters col-4\">\n    <div class=\"counters_inner \">\n<div class=\"text-center\"><p><img loading=\"lazy\" decoding=\"async\" class=\"wp-image-155426 size-full aligncenter skip-lazy\" src=\"https:\/\/www.groupe-sos.org\/wp-content\/uploads\/2022\/07\/PICTO-BULLE-picto_SALARIES-bleu-1.png\" alt=\"\" width=\"79\" height=\"79\" \/><\/p>\n<\/div>\r\n<h2 class=\"my-0 text-center\"><span id=\"counter_6317453f30ed7_1_1_value\">0<\/span><\/h2>\r\n<div class=\"text-center\">employees<\/div>    <\/div>\n   <\/div>\n   <div id=\"counter_6317453f30ed7_1_2\" class=\"counters col-4\">\n    <div class=\"counters_inner \">\n<div class=\"text-center\"><p><img loading=\"lazy\" decoding=\"async\" class=\"size-full wp-image-155208 aligncenter skip-lazy\" src=\"https:\/\/www.groupe-sos.org\/wp-content\/uploads\/2022\/06\/PICTO-BULLE-picto_DIPLOME-1.png\" alt=\"\" width=\"79\" height=\"79\" \/><\/p>\n<\/div>\r\n<h2 class=\"my-0 text-center\"><span id=\"counter_6317453f30ed7_1_2_value\">0<\/span><\/h2>\r\n<div class=\"text-center\">shareholder<\/div>    <\/div>\n   <\/div>\n  <\/div>\n\n    <\/div>\n   <\/div>\n  <\/div>\n\n <\/div>\n<\/div>\n<script type=\"text\/javascript\">\r\n\t\t\t\tjQuery(document).ready(function() {\r\n\t\t\t\t\t\t\r\n\r\n\t\t\tjQuery('#counter_6317453f30ed7_1_outer').one('inview', function(event, isInView) {\r\n\t\t\t\tif (isInView) {\r\n\t\t\t\t\tjQuery('#counter_6317453f30ed7_1_0_value').numerator({ toValue: 1000,\r\n\t\t\teasing: 'linear',\r\n\t\t\tduration: 2000,\r\n\t\t\trounding: 0\r\n\t\t});\njQuery('#counter_6317453f30ed7_1_1_value').numerator({ toValue: 26000,\r\n\t\t\teasing: 'linear',\r\n\t\t\tduration: 2000,\r\n\t\t\trounding: 0\r\n\t\t});\njQuery('#counter_6317453f30ed7_1_2_value').numerator({ toValue: 0,\r\n\t\t\teasing: 'linear',\r\n\t\t\tduration: 2000,\r\n\t\t\trounding: 0\r\n\t\t});\n\r\n\t\t\t\t} \r\n\t\t\t});\n\r\n\t\t\t\t});\t\t\r\n\t\t\t<\/script>\n\n<div id=\"field_6321ce84a4a8c\" class=\"container-fluid px-0 flexible_section block_cards\">\n <div id=\"field_6321ce84a4a8c_inner\" class=\"container flexible_section_inner\">\n\n  <div class=\"row flexible_section_title_container\"><div class=\"col-12 flexible_section_title_col\"><h2 class=\"flexible_section_title mb-5 text-left  \">Our missions<\/h2><\/div><\/div>\n  <div class=\"row row-cols-lg-3 row-cols-md-2 row-cols-sm-1 flexible_section_content\">\n<div class=\"precards precard_1 col-12 col-sm-6 col-md-4 mb-3\">\n   <div class=\"card card-1  h-100 mission1 bordertoprouge \">\n    <div class=\"card-header d-flex flex-column  \">    <\/div>\n    <div class=\"card-body  \">\n<div class=\"cardimage Array\"><img decoding=\"async\" class=\"card-img-top\" src=\"https:\/\/www.groupe-sos.org\/wp-content\/uploads\/2022\/06\/jonny-gios-SqjhKY9877M-unsplash.webp\" alt=\"\"><\/div>\n<h3 class=\"card-title  \">Combat all forms of exclusion<\/h3>     <div class=\"card-text  \"><p>When crisis hit, never let anyone fall by the wayside, whatever their challenge.<\/p>\n<p>Make the voice of field players be heard in the public debate, as well as what is truly happening on the ground.<\/p>\n<\/div>\n    <\/div>\n    <div class=\"card-footer  \">\n    <\/div>\n   <\/div>\n<\/div>\n<div class=\"precards precard_2 col-12 col-sm-6 col-md-4 mb-3\">\n   <div class=\"card card-2  h-100 mission2 bordertopvert \">\n    <div class=\"card-header d-flex flex-column  \">    <\/div>\n    <div class=\"card-body  \">\n<div class=\"cardimage Array\"><img decoding=\"async\" class=\"card-img-top\" src=\"https:\/\/www.groupe-sos.org\/wp-content\/uploads\/2022\/05\/silver_fourchette-421d.png\" alt=\"\"><\/div>\n<h3 class=\"card-title  \">Take action so that all people have their basic needs met<\/h3>     <div class=\"card-text  \"><p>Meet the needs of people and regions to create a fairer, liveable and sustainable world.<\/p>\n<p>Stay close to field work in order to bring tangible help, all over the world.<\/p>\n<\/div>\n    <\/div>\n    <div class=\"card-footer  \">\n    <\/div>\n   <\/div>\n<\/div>\n<div class=\"precards precard_3 col-12 col-sm-6 col-md-4 mb-3\">\n   <div class=\"card card-3  h-100 mission3 bordertopjaune \">\n    <div class=\"card-header d-flex flex-column  \">    <\/div>\n    <div class=\"card-body  \">\n<div class=\"cardimage Array\"><img decoding=\"async\" class=\"card-img-top\" src=\"https:\/\/www.groupe-sos.org\/wp-content\/uploads\/2022\/04\/PlayInternationalphoto-scaled-1.jpg\" alt=\"\"><\/div>\n<h3 class=\"card-title  \">Innovate on social, societal and environmental issues<\/h3>     <div class=\"card-text  \"><p>Constantly improve the quality of our support and take our planet into consideration across all human activities.<\/p>\n<p>Prove that society can undergo a positive and profound change.<\/p>\n<\/div>\n    <\/div>\n    <div class=\"card-footer  \">\n    <\/div>\n   <\/div>\n<\/div>\n  <\/div>\n <\/div>\n<\/div>\n\n\n<div id=\"field_powb5284156fddf4e5b\" class=\"container-fluid px-0 flexible_section block_columns\">\n <div id=\"field_powb5284156fddf4e5b_inner\" class=\"container flexible_section_inner\">\n\n  <div class=\"row flexible_section_title_container\"><div class=\"col-12 flexible_section_title_col\"><h2 class=\"flexible_section_title mb-5 text-left  \">Groupe SOS\u2019s history<\/h2><\/div><\/div>\n   <div class=\"row flexible_section_content\">\n\n   <div class=\"col-sm-12 colonne colonne1\">\n    <div class=\"colonne_inner  text-left\">\n<p><strong>Since its creation almost 40 years ago, Groupe SOS has had one single ambition: to give a global response adapted to individual issues and bring about a fairer society. From the original organisations in Paris and Marseille to the present-day Groupe SOS working in more than 50 countries, here is a chronology to better understand the group\u2019s history.<\/strong><\/p>\n    <\/div>\n   <\/div>\n  <\/div>\n\n <\/div>\n<\/div>\n\n\n\n\n<div id=\"field_63188e171768b\" class=\"container-fluid px-0 flexible_section block_cards\">\n <div id=\"field_63188e171768b_inner\" class=\"container flexible_section_inner\">\n\n  <div class=\"row flexible_section_title_container\"><div class=\"col-12 flexible_section_title_col\"><h2 class=\"flexible_section_title mb-5 text-left  \">To go further<\/h2><\/div><\/div>\n  <div class=\"row row-cols-lg-3 row-cols-md-3 row-cols-sm-1 flexible_section_content\">\n<div class=\"precards precard_1 col-12 col-sm-4 col-md-4 mb-3\">\n   <div class=\"card card-1  linkable h-100 bordertopjaune \" data-dest=\"https:\/\/www.groupe-sos.org\/en\/le-groupe-sos\/our-governance\/\">\n    <div class=\"card-header d-flex flex-column  \">    <\/div>\n    <div class=\"card-body  \">\n<div class=\"cardimage Array\"><img decoding=\"async\" class=\"card-img-top\" src=\"https:\/\/www.groupe-sos.org\/wp-content\/uploads\/2020\/12\/37_sos_reunion_maison_des_polytechniciens_203a7791.jpg\" alt=\"\"><\/div>\n<h3 class=\"card-title  \">Governance<\/h3>     <div class=\"card-text  \"><p>A novel organisation favouring co-construction and synergies.<\/p>\n<p><a class=\"darkbluebutton\" href=\"https:\/\/www.groupe-sos.org\/le-groupe-sos\/notre-gouvernance\/\">Learn more<\/a><\/p>\n<\/div>\n    <\/div>\n    <div class=\"card-footer  \">\n    <\/div>\n   <\/div>\n<\/div>\n<div class=\"precards precard_2 col-12 col-sm-4 col-md-4 mb-3\">\n   <div class=\"card card-2  linkable h-100 bordertopvert \" data-dest=\"https:\/\/www.groupe-sos.org\/en\/le-groupe-sos\/our-economic-model\/\">\n    <div class=\"card-header d-flex flex-column  \">    <\/div>\n    <div class=\"card-body  \">\n<div class=\"cardimage Array\"><img decoding=\"async\" class=\"card-img-top\" src=\"https:\/\/www.groupe-sos.org\/wp-content\/uploads\/2020\/12\/BDH_20190307_023.jpg\" alt=\"\"><\/div>\n<h3 class=\"card-title  \">Economic model<\/h3>     <div class=\"card-text  \"><p>For nearly 40 years, Groupe SOS has built a pioneering organisation with shared management skills, enabling it to fully embrace the ambitions of the Social and Solidarity Economy.<\/p>\n<p><a class=\"darkbluebutton\" href=\"https:\/\/www.groupe-sos.org\/le-groupe-sos\/les-objectifs-de-developpement-durable\/\">More<\/a><\/p>\n<\/div>\n    <\/div>\n    <div class=\"card-footer  \">\n    <\/div>\n   <\/div>\n<\/div>\n<div class=\"precards precard_3 col-12 col-sm-4 col-md-4 mb-3\">\n   <div class=\"card card-3  linkable h-100 bordertoprouge \" data-dest=\"https:\/\/www.groupe-sos.org\/en\/le-groupe-sos\/les-objectifs-de-developpement-durable\/\">\n    <div class=\"card-header d-flex flex-column  \">    <\/div>\n    <div class=\"card-body  \">\n<div class=\"cardimage Array\"><img decoding=\"async\" class=\"card-img-top\" src=\"https:\/\/www.groupe-sos.org\/wp-content\/uploads\/2022\/10\/aae361_d497da3cd46a466fb5dd9c67d4f9db74_mv2-scaled.jpg\" alt=\"\"><\/div>\n<h3 class=\"card-title  \">Sustainable Development Goals<\/h3>     <div class=\"card-text  \"><p style=\"text-align: left\">Helping to build a more viable, liveable and equitable world. Sustainable Development is therefore a common thread running through all our actions, at every level of the organisation.<\/p>\n<p><a class=\"darkbluebutton\" href=\"https:\/\/www.groupe-sos.org\/en\/le-groupe-sos\/les-objectifs-de-developpement-durable\/\">More<\/a><\/p>\n<\/div>\n    <\/div>\n    <div class=\"card-footer  \">\n    <\/div>\n   <\/div>\n<\/div>\n  <\/div>\n <\/div>\n<\/div>\n\n\n<div id=\"field_62d7d34f14fb7\" class=\"container-fluid px-0 flexible_section block_columns\">\n <div id=\"field_62d7d34f14fb7_inner\" class=\"container flexible_section_inner\">\n\n  <div class=\"row flexible_section_title_container\"><div class=\"col-12 flexible_section_title_col\"><h2 class=\"flexible_section_title mb-5 text-left  \">Map of our facilities and organisations<\/h2><\/div><\/div>\n   <div class=\"row flexible_section_content\">\n\n   <div class=\"blockbutton mb-3 mb-sm-0 col-sm-4 colonne colonne1\">\n    <div class=\"colonne_inner h-100 text-left\">\n<h3>Local presence and action<\/h3>\n<p>Needs emerge everywhere, all locally and regionally specific. Groupe SOS works in more than 50 countries to respond to the needs of the most vulnerable, future generations and regions. Groupe SOS acts on the ground to create solutions to social and environmental issues in collaboration with local actors and inhabitants.<br \/>\n<a class=\"lightbluebutton\" href=\"https:\/\/www.groupe-sos.org\/en\/le-groupe-sos\/our-international-projects\/\">Discover<\/a><\/p>\n    <\/div>\n   <\/div>\n   <div class=\"col-sm-8 colonne colonne2\">\n    <div class=\"colonne_inner text-center d-flex align-items-center justify-content-center\">\n    <div class=\"colonne_inner_sub \">\n<p><img loading=\"lazy\" decoding=\"async\" class=\"aligncenter size-large wp-image-175957\" src=\"https:\/\/www.groupe-sos.org\/wp-content\/uploads\/2023\/06\/carte-internationale-juin-2023-1024x622.png\" alt=\"\" width=\"1024\" height=\"622\" srcset=\"https:\/\/www.groupe-sos.org\/wp-content\/uploads\/2023\/06\/carte-internationale-juin-2023-1024x622.png 1024w, https:\/\/www.groupe-sos.org\/wp-content\/uploads\/2023\/06\/carte-internationale-juin-2023-300x182.png 300w, https:\/\/www.groupe-sos.org\/wp-content\/uploads\/2023\/06\/carte-internationale-juin-2023-768x467.png 768w, https:\/\/www.groupe-sos.org\/wp-content\/uploads\/2023\/06\/carte-internationale-juin-2023.png 1114w\" sizes=\"auto, (max-width: 1024px) 100vw, 1024px\" \/><\/p>\n    <\/div>\n    <\/div>\n   <\/div>\n  <\/div>\n\n <\/div>\n<\/div>\n","protected":false},"excerpt":{"rendered":"<p>Le Groupe SOS est un groupe associatif, leader de l&#8217;entrepreneuriat social en Europe. Aujourd&#8217;hui, le Groupe SOS regroupe 650 associations, entreprises sociales et \u00e9tablissements, qui combattent, agissent et innovent au profit des personnes en situation de vuln\u00e9rabilit\u00e9, des g\u00e9n\u00e9rations futures et des territoires.<\/p>\n","protected":false},"author":1,"featured_media":0,"parent":174466,"menu_order":165,"comment_status":"closed","ping_status":"closed","template":"page-flexipow.php","meta":{"_acf_changed":false,"footnotes":""},"secteur":[],"class_list":["post-174448","page","type-page","status-publish","hentry"],"acf":[],"yoast_head":"<!-- This site is optimized with the Yoast SEO plugin v28.4 - https:\/\/yoast.com\/product\/yoast-seo-wordpress\/ -->\n<title>Introduction - Groupe SOS<\/title>\n<meta name=\"description\" content=\"Le Groupe SOS est un groupe associatif, leader de l&#039;entrepreneuriat social en Europe. Aujourd&#039;hui, le Groupe SOS regroupe 650 associations, entreprises sociales et \u00e9tablissements, qui combattent, agissent et innovent au profit des personnes en situation de vuln\u00e9rabilit\u00e9, des g\u00e9n\u00e9rations futures et des territoires.\" \/>\n<meta name=\"robots\" content=\"index, follow, max-snippet:-1, max-image-preview:large, max-video-preview:-1\" \/>\n<link rel=\"canonical\" href=\"https:\/\/www.groupe-sos.org\/en\/le-groupe-sos\/introduction\/\" \/>\n<meta property=\"og:locale\" content=\"en_US\" \/>\n<meta property=\"og:type\" content=\"article\" \/>\n<meta property=\"og:title\" content=\"Introduction - Groupe SOS\" \/>\n<meta property=\"og:description\" content=\"Le Groupe SOS est un groupe associatif, leader de l&#039;entrepreneuriat social en Europe. Aujourd&#039;hui, le Groupe SOS regroupe 650 associations, entreprises sociales et \u00e9tablissements, qui combattent, agissent et innovent au profit des personnes en situation de vuln\u00e9rabilit\u00e9, des g\u00e9n\u00e9rations futures et des territoires.\" \/>\n<meta property=\"og:url\" content=\"https:\/\/www.groupe-sos.org\/en\/le-groupe-sos\/introduction\/\" \/>\n<meta property=\"og:site_name\" content=\"Groupe SOS\" \/>\n<meta property=\"article:publisher\" content=\"https:\/\/www.facebook.com\/GroupeSOS\/\" \/>\n<meta property=\"article:modified_time\" content=\"2025-09-02T07:44:49+00:00\" \/>\n<meta name=\"twitter:card\" content=\"summary_large_image\" \/>\n<meta name=\"twitter:site\" content=\"@groupesos\" \/>\n<meta name=\"twitter:label1\" content=\"Est. reading time\" \/>\n\t<meta name=\"twitter:data1\" content=\"7 minutes\" \/>\n<script type=\"application\/ld+json\" class=\"yoast-schema-graph\">{\"@context\":\"https:\\\/\\\/schema.org\",\"@graph\":[{\"@type\":\"WebPage\",\"@id\":\"https:\\\/\\\/www.groupe-sos.org\\\/en\\\/le-groupe-sos\\\/introduction\\\/\",\"url\":\"https:\\\/\\\/www.groupe-sos.org\\\/en\\\/le-groupe-sos\\\/introduction\\\/\",\"name\":\"Introduction - Groupe SOS\",\"isPartOf\":{\"@id\":\"https:\\\/\\\/www.groupe-sos.org\\\/en\\\/#website\"},\"datePublished\":\"2022-09-01T09:21:30+00:00\",\"dateModified\":\"2025-09-02T07:44:49+00:00\",\"description\":\"Le Groupe SOS est un groupe associatif, leader de l'entrepreneuriat social en Europe. Aujourd'hui, le Groupe SOS regroupe 650 associations, entreprises sociales et \u00e9tablissements, qui combattent, agissent et innovent au profit des personnes en situation de vuln\u00e9rabilit\u00e9, des g\u00e9n\u00e9rations futures et des territoires.\",\"breadcrumb\":{\"@id\":\"https:\\\/\\\/www.groupe-sos.org\\\/en\\\/le-groupe-sos\\\/introduction\\\/#breadcrumb\"},\"inLanguage\":\"en-US\",\"potentialAction\":[{\"@type\":\"ReadAction\",\"target\":[\"https:\\\/\\\/www.groupe-sos.org\\\/en\\\/le-groupe-sos\\\/introduction\\\/\"]}]},{\"@type\":\"BreadcrumbList\",\"@id\":\"https:\\\/\\\/www.groupe-sos.org\\\/en\\\/le-groupe-sos\\\/introduction\\\/#breadcrumb\",\"itemListElement\":[{\"@type\":\"ListItem\",\"position\":1,\"name\":\"Home\",\"item\":\"https:\\\/\\\/www.groupe-sos.org\\\/en\\\/\"},{\"@type\":\"ListItem\",\"position\":2,\"name\":\"Groupe SOS\",\"item\":\"https:\\\/\\\/www.groupe-sos.org\\\/en\\\/le-groupe-sos\\\/\"},{\"@type\":\"ListItem\",\"position\":3,\"name\":\"Introduction\"}]},{\"@type\":\"WebSite\",\"@id\":\"https:\\\/\\\/www.groupe-sos.org\\\/en\\\/#website\",\"url\":\"https:\\\/\\\/www.groupe-sos.org\\\/en\\\/\",\"name\":\"Groupe SOS Entreprendre au profit de tous\",\"description\":\"Entreprendre au profit de tous\",\"publisher\":{\"@id\":\"https:\\\/\\\/www.groupe-sos.org\\\/en\\\/#organization\"},\"alternateName\":\"Groupe SOS\",\"potentialAction\":[{\"@type\":\"SearchAction\",\"target\":{\"@type\":\"EntryPoint\",\"urlTemplate\":\"https:\\\/\\\/www.groupe-sos.org\\\/en\\\/?s={search_term_string}\"},\"query-input\":{\"@type\":\"PropertyValueSpecification\",\"valueRequired\":true,\"valueName\":\"search_term_string\"}}],\"inLanguage\":\"en-US\"},{\"@type\":\"Organization\",\"@id\":\"https:\\\/\\\/www.groupe-sos.org\\\/en\\\/#organization\",\"name\":\"Groupe SOS\",\"alternateName\":\"Entreprendre au profit de tous\",\"url\":\"https:\\\/\\\/www.groupe-sos.org\\\/en\\\/\",\"logo\":{\"@type\":\"ImageObject\",\"inLanguage\":\"en-US\",\"@id\":\"https:\\\/\\\/www.groupe-sos.org\\\/en\\\/#\\\/schema\\\/logo\\\/image\\\/\",\"url\":\"https:\\\/\\\/www.groupe-sos.org\\\/wp-content\\\/uploads\\\/2022\\\/06\\\/groupe-sos-logo-1.png\",\"contentUrl\":\"https:\\\/\\\/www.groupe-sos.org\\\/wp-content\\\/uploads\\\/2022\\\/06\\\/groupe-sos-logo-1.png\",\"width\":300,\"height\":60,\"caption\":\"Groupe SOS\"},\"image\":{\"@id\":\"https:\\\/\\\/www.groupe-sos.org\\\/en\\\/#\\\/schema\\\/logo\\\/image\\\/\"},\"sameAs\":[\"https:\\\/\\\/www.facebook.com\\\/GroupeSOS\\\/\",\"https:\\\/\\\/x.com\\\/groupesos\",\"https:\\\/\\\/www.instagram.com\\\/groupe_sos\\\/\",\"https:\\\/\\\/www.linkedin.com\\\/company\\\/groupe-sos\\\/?originalSubdomain=fr\"]}]}<\/script>\n<!-- \/ Yoast SEO plugin. -->","yoast_head_json":{"title":"Introduction - Groupe SOS","description":"Le Groupe SOS est un groupe associatif, leader de l'entrepreneuriat social en Europe. Aujourd'hui, le Groupe SOS regroupe 650 associations, entreprises sociales et \u00e9tablissements, qui combattent, agissent et innovent au profit des personnes en situation de vuln\u00e9rabilit\u00e9, des g\u00e9n\u00e9rations futures et des territoires.","robots":{"index":"index","follow":"follow","max-snippet":"max-snippet:-1","max-image-preview":"max-image-preview:large","max-video-preview":"max-video-preview:-1"},"canonical":"https:\/\/www.groupe-sos.org\/en\/le-groupe-sos\/introduction\/","og_locale":"en_US","og_type":"article","og_title":"Introduction - Groupe SOS","og_description":"Le Groupe SOS est un groupe associatif, leader de l'entrepreneuriat social en Europe. Aujourd'hui, le Groupe SOS regroupe 650 associations, entreprises sociales et \u00e9tablissements, qui combattent, agissent et innovent au profit des personnes en situation de vuln\u00e9rabilit\u00e9, des g\u00e9n\u00e9rations futures et des territoires.","og_url":"https:\/\/www.groupe-sos.org\/en\/le-groupe-sos\/introduction\/","og_site_name":"Groupe SOS","article_publisher":"https:\/\/www.facebook.com\/GroupeSOS\/","article_modified_time":"2025-09-02T07:44:49+00:00","twitter_card":"summary_large_image","twitter_site":"@groupesos","twitter_misc":{"Est. reading time":"7 minutes"},"schema":{"@context":"https:\/\/schema.org","@graph":[{"@type":"WebPage","@id":"https:\/\/www.groupe-sos.org\/en\/le-groupe-sos\/introduction\/","url":"https:\/\/www.groupe-sos.org\/en\/le-groupe-sos\/introduction\/","name":"Introduction - Groupe SOS","isPartOf":{"@id":"https:\/\/www.groupe-sos.org\/en\/#website"},"datePublished":"2022-09-01T09:21:30+00:00","dateModified":"2025-09-02T07:44:49+00:00","description":"Le Groupe SOS est un groupe associatif, leader de l'entrepreneuriat social en Europe. Aujourd'hui, le Groupe SOS regroupe 650 associations, entreprises sociales et \u00e9tablissements, qui combattent, agissent et innovent au profit des personnes en situation de vuln\u00e9rabilit\u00e9, des g\u00e9n\u00e9rations futures et des territoires.","breadcrumb":{"@id":"https:\/\/www.groupe-sos.org\/en\/le-groupe-sos\/introduction\/#breadcrumb"},"inLanguage":"en-US","potentialAction":[{"@type":"ReadAction","target":["https:\/\/www.groupe-sos.org\/en\/le-groupe-sos\/introduction\/"]}]},{"@type":"BreadcrumbList","@id":"https:\/\/www.groupe-sos.org\/en\/le-groupe-sos\/introduction\/#breadcrumb","itemListElement":[{"@type":"ListItem","position":1,"name":"Home","item":"https:\/\/www.groupe-sos.org\/en\/"},{"@type":"ListItem","position":2,"name":"Groupe SOS","item":"https:\/\/www.groupe-sos.org\/en\/le-groupe-sos\/"},{"@type":"ListItem","position":3,"name":"Introduction"}]},{"@type":"WebSite","@id":"https:\/\/www.groupe-sos.org\/en\/#website","url":"https:\/\/www.groupe-sos.org\/en\/","name":"Groupe SOS Entreprendre au profit de tous","description":"Entreprendre au profit de tous","publisher":{"@id":"https:\/\/www.groupe-sos.org\/en\/#organization"},"alternateName":"Groupe SOS","potentialAction":[{"@type":"SearchAction","target":{"@type":"EntryPoint","urlTemplate":"https:\/\/www.groupe-sos.org\/en\/?s={search_term_string}"},"query-input":{"@type":"PropertyValueSpecification","valueRequired":true,"valueName":"search_term_string"}}],"inLanguage":"en-US"},{"@type":"Organization","@id":"https:\/\/www.groupe-sos.org\/en\/#organization","name":"Groupe SOS","alternateName":"Entreprendre au profit de tous","url":"https:\/\/www.groupe-sos.org\/en\/","logo":{"@type":"ImageObject","inLanguage":"en-US","@id":"https:\/\/www.groupe-sos.org\/en\/#\/schema\/logo\/image\/","url":"https:\/\/www.groupe-sos.org\/wp-content\/uploads\/2022\/06\/groupe-sos-logo-1.png","contentUrl":"https:\/\/www.groupe-sos.org\/wp-content\/uploads\/2022\/06\/groupe-sos-logo-1.png","width":300,"height":60,"caption":"Groupe SOS"},"image":{"@id":"https:\/\/www.groupe-sos.org\/en\/#\/schema\/logo\/image\/"},"sameAs":["https:\/\/www.facebook.com\/GroupeSOS\/","https:\/\/x.com\/groupesos","https:\/\/www.instagram.com\/groupe_sos\/","https:\/\/www.linkedin.com\/company\/groupe-sos\/?originalSubdomain=fr"]}]}},"_links":{"self":[{"href":"https:\/\/www.groupe-sos.org\/en\/wp-json\/wp\/v2\/pages\/174448","targetHints":{"allow":["GET"]}}],"collection":[{"href":"https:\/\/www.groupe-sos.org\/en\/wp-json\/wp\/v2\/pages"}],"about":[{"href":"https:\/\/www.groupe-sos.org\/en\/wp-json\/wp\/v2\/types\/page"}],"author":[{"embeddable":true,"href":"https:\/\/www.groupe-sos.org\/en\/wp-json\/wp\/v2\/users\/1"}],"replies":[{"embeddable":true,"href":"https:\/\/www.groupe-sos.org\/en\/wp-json\/wp\/v2\/comments?post=174448"}],"version-history":[{"count":49,"href":"https:\/\/www.groupe-sos.org\/en\/wp-json\/wp\/v2\/pages\/174448\/revisions"}],"predecessor-version":[{"id":218898,"href":"https:\/\/www.groupe-sos.org\/en\/wp-json\/wp\/v2\/pages\/174448\/revisions\/218898"}],"up":[{"embeddable":true,"href":"https:\/\/www.groupe-sos.org\/en\/wp-json\/wp\/v2\/pages\/174466"}],"wp:attachment":[{"href":"https:\/\/www.groupe-sos.org\/en\/wp-json\/wp\/v2\/media?parent=174448"}],"wp:term":[{"taxonomy":"secteur","embeddable":true,"href":"https:\/\/www.groupe-sos.org\/en\/wp-json\/wp\/v2\/secteur?post=174448"}],"curies":[{"name":"wp","href":"https:\/\/api.w.org\/{rel}","templated":true}]}}