{"id":179737,"date":"2022-09-22T09:27:16","date_gmt":"2022-09-22T07:27:16","guid":{"rendered":"https:\/\/www.groupe-sos.org\/les-territoires\/revitalisation-des-territoires\/revitalisation-des-territoires-oublies\/"},"modified":"2023-08-17T09:24:47","modified_gmt":"2023-08-17T07:24:47","slug":"revitalisation-des-territoires-oublies","status":"publish","type":"page","link":"https:\/\/www.groupe-sos.org\/en\/les-territoires\/revitalisation-des-territoires\/revitalisation-des-territoires-oublies\/","title":{"rendered":"Revivifying forgotten regions"},"content":{"rendered":"<div id=\"field_powc7fa599b96e74d44\" class=\"container-fluid px-0 flexible_section heropages block_hero\">\n  <div id=\"hero_powc7fa599b96e74d44\" class=\"hero_container px-0\">\n   <div class=\"hero_image_outer\">\n    <img decoding=\"async\" src=\"https:\/\/www.groupe-sos.org\/wp-content\/uploads\/2022\/10\/DJI_0032-scaled.jpg\" alt=\"\" class=\"heroimage \" \/>\n   <\/div>\n  <\/div>\n<\/div>\n\n\n<div id=\"field_powbe18abf30f484891\" class=\"container-fluid px-0 flexible_section block_columns\">\n <div id=\"field_powbe18abf30f484891_inner\" class=\"container flexible_section_inner\">\n\n   <div class=\"row flexible_section_content\">\n\n   <div class=\"p-5 col-sm-12 colonne colonne1\">\n    <div class=\"colonne_inner  text-left\">\n<h3><span class=\"TextRun SCXW219229052 BCX0\" lang=\"EN-GB\" xml:lang=\"EN-GB\"><span class=\"NormalTextRun SCXW219229052 BCX0\">Revivifying <\/span><span class=\"NormalTextRun SCXW219229052 BCX0\">regions<\/span><\/span><\/h3>\n<h1><span class=\"TextRun SCXW219229052 BCX0\" lang=\"EN-GB\" xml:lang=\"EN-GB\"><span class=\"NormalTextRun SCXW219229052 BCX0\">I<\/span><span class=\"NormalTextRun SCXW219229052 BCX0\">n France, <\/span><span class=\"NormalTextRun SCXW219229052 BCX0\">revivifying forgotten <\/span><span class=\"NormalTextRun SCXW219229052 BCX0\">regions<\/span><\/span><\/h1>\n    <\/div>\n   <\/div>\n  <\/div>\n\n <\/div>\n<\/div>\n\n\n<div id=\"field_powd3e6a89f332c4d29\" class=\"container-fluid px-0 flexible_section block_breadcrumb\">\n <div id=\"field_powd3e6a89f332c4d29_inner\" class=\"container flexible_section_inner\">\n\n  <div class=\"row flexible_section_content\">\n\n   <div class=\"breadcrumb_outer\" id=\"breadcrumb_powd3e6a89f332c4d29\">\n\n   <nav aria-label=\"breadcrumb\" id=\"breadcrumb_powd3e6a89f332c4d29_nav\">\n    <ol class=\"breadcrumb\">\n<li class=\"breadcrumb-item\"><a href=\"https:\/\/www.groupe-sos.org\/en\/les-territoires\/\" class=\"Forregions \">For regions<\/a><\/li>\n<li class=\"breadcrumb-item\"><a href=\"https:\/\/www.groupe-sos.org\/en\/les-territoires\/revitalisation-des-territoires\/\" class=\"Revivifyingregions \">Revivifying regions<\/a><\/li>\n<li class=\"breadcrumb-item active\" aria-current=\"page\">Revivifying forgotten regions<\/li>\n      <\/ol>\n   <\/nav>\n\n   <\/div>\n\n  <\/div>\n\n <\/div>\n<\/div>\n\n\n<div id=\"field_633fd23805846\" class=\"container-fluid px-0 flexible_section accrohe_section_type_1 block_columns\">\n <div id=\"field_633fd23805846_inner\" class=\"container flexible_section_inner\">\n\n   <div class=\"row flexible_section_content\">\n\n   <div class=\"mb-3 mb-sm-0 col-sm-6 colonne colonne1\">\n    <div class=\"colonne_inner  text-left\">\n<p><strong><span class=\"TextRun SCXW110398298 BCX0\" lang=\"EN-GB\" xml:lang=\"EN-GB\"><span class=\"NormalTextRun SCXW110398298 BCX0\">Grant<\/span><span class=\"NormalTextRun SCXW110398298 BCX0\">ing<\/span><span class=\"NormalTextRun SCXW110398298 BCX0\"> access to local services, foster<\/span><span class=\"NormalTextRun SCXW110398298 BCX0\">ing<\/span><span class=\"NormalTextRun SCXW110398298 BCX0\"> social cohesion, encourag<\/span><span class=\"NormalTextRun SCXW110398298 BCX0\">ing<\/span><span class=\"NormalTextRun SCXW110398298 BCX0\"> civic involvement: our ambition is to build solutions to develop and improve local life. We are committed to helping bridge the regional <\/span><span class=\"NormalTextRun SCXW110398298 BCX0\">divide and<\/span> <span class=\"NormalTextRun SCXW110398298 BCX0\">are<\/span> <span class=\"NormalTextRun SCXW110398298 BCX0\">especially<\/span><span class=\"NormalTextRun SCXW110398298 BCX0\"> mindful of rural areas and priority neighbourhoods.<\/span><\/span><\/strong><\/p>\n    <\/div>\n   <\/div>\n   <div class=\"col-sm-6 colonne colonne2\">\n    <div class=\"colonne_inner  text-left\">\n<p><span class=\"TextRun SCXW68004617 BCX0\" lang=\"EN-GB\" xml:lang=\"EN-GB\"><span class=\"NormalTextRun SCXW68004617 BCX0\">Whether <\/span><span class=\"NormalTextRun SCXW68004617 BCX0\">it&#8217;s<\/span><span class=\"NormalTextRun SCXW68004617 BCX0\"> setting up, taking over premises, supporting and <\/span><span class=\"NormalTextRun SCXW68004617 BCX0\">assisting<\/span><span class=\"NormalTextRun SCXW68004617 BCX0\"> initiatives or creating digital tools, <\/span><span class=\"NormalTextRun SCXW68004617 BCX0\">we&#8217;re<\/span><span class=\"NormalTextRun SCXW68004617 BCX0\"> developing approaches tailored to the needs of each local community. These solutions are aimed at residents and involve them in developing answers that are relevant to them.<\/span><\/span><\/p>\n    <\/div>\n   <\/div>\n  <\/div>\n\n <\/div>\n<\/div>\n\n\n<div id=\"field_pow6733eb4e2bef4df1\" class=\"container-fluid px-0 flexible_section block_innertemplate\">\n <div id=\"field_pow6733eb4e2bef4df1_inner\" class=\"container flexible_section_inner\">\n\n   <div class=\"row flexible_section_content\">\n\n  <\/div>\n\n <\/div>\n<\/div>\n\n\n<div id=\"field_6347e4924ad03\" class=\"container-fluid px-0 flexible_section block_adaptativetextandimage\">\n <div id=\"field_6347e4924ad03_inner\" class=\"container flexible_section_inner\">\n\n   <div class=\"row no-gutters flexible_section_content adaptativeimage  bordertoprouge bordertoprouge\" id=\"textimagebanner_6347e4924ad03\">\n\n   <div class=\"col-12 col-sm-7 order-2 order-sm-2 colonne colonne1 colonne1_6347e4924ad03\">\n    <div class=\"colonne_inner text-left d-flex align-items-center justify-content-start\">\n    <div class=\"colonne_inner_sub\">\n<h3><span class=\"TextRun SCXW253679867 BCX0\" lang=\"EN-GB\" xml:lang=\"EN-GB\"><span class=\"NormalTextRun SCXW253679867 BCX0\">Revivify<\/span><span class=\"NormalTextRun SCXW253679867 BCX0\">ing<\/span> <span class=\"NormalTextRun SCXW253679867 BCX0\">France\u2019s<\/span><span class=\"NormalTextRun SCXW253679867 BCX0\"> rural villages<\/span><\/span><\/h3>\n<p><span class=\"TextRun SCXW14453474 BCX0\" lang=\"EN-GB\" xml:lang=\"EN-GB\"><span class=\"NormalTextRun SCXW14453474 BCX0\">Far from being a uniform landscape, rural areas vary <\/span><span class=\"NormalTextRun SCXW14453474 BCX0\">greatly in<\/span><span class=\"NormalTextRun SCXW14453474 BCX0\"> terms of their economic, <\/span><span class=\"NormalTextRun SCXW14453474 BCX0\">social<\/span><span class=\"NormalTextRun SCXW14453474 BCX0\"> and demographic situations. Nevertheless, these areas are facing some major common trends: a feeling <\/span><span class=\"NormalTextRun SCXW14453474 BCX0\">of<\/span><span class=\"NormalTextRun SCXW14453474 BCX0\"> being abandoned, shared by 51% of French people, <\/span><span class=\"NormalTextRun SCXW14453474 BCX0\">which is <\/span><span class=\"NormalTextRun SCXW14453474 BCX0\">often related to the loss of basic services and places to socialise. Our 1000 caf\u00e9s initiative aims to open or take over caf\u00e9s in towns with fewer than 3,500 inhabitants that no longer have a caf\u00e9 or are in danger of losing one.<\/span><\/span><\/p>\n<p style=\"text-align: left\"><a class=\"lightbluebutton\" href=\"https:\/\/www.1000cafes.org\/\" target=\"_blank\" rel=\"noopener\">Learn more<\/a><\/p>\n    <\/div>\n    <\/div>\n   <\/div>\n   <div class=\"col-12 col-sm-5 order-1 order-sm-1 colonne colonne2 colonne2_6347e4924ad03\">\n   <\/div>\n  <\/div>\n\n <\/div>\n<\/div>\n\n\n<div id=\"field_6347e5306e1dd\" class=\"container-fluid px-0 flexible_section block_adaptativetextandimage\">\n <div id=\"field_6347e5306e1dd_inner\" class=\"container flexible_section_inner\">\n\n   <div class=\"row no-gutters flexible_section_content adaptativeimage  bordertopvert bordertopvert\" id=\"textimagebanner_6347e5306e1dd\">\n\n   <div class=\"col-12 col-sm-7 order-2 order-sm-1 colonne colonne1 colonne1_6347e5306e1dd\">\n    <div class=\"colonne_inner text-left d-flex align-items-center justify-content-start\">\n    <div class=\"colonne_inner_sub\">\n<h3><span class=\"TextRun SCXW184030848 BCX0\" lang=\"EN-GB\" xml:lang=\"EN-GB\"><span class=\"NormalTextRun SCXW184030848 BCX0\">Developing the entrepreneurial fabric of each region<\/span><\/span><\/h3>\n<p><span class=\"TextRun SCXW29432882 BCX0\" lang=\"EN-GB\" xml:lang=\"EN-GB\"><span class=\"NormalTextRun SCXW29432882 BCX0\">Since 2010, <\/span><span class=\"NormalTextRun SpellingErrorV2Themed SCXW29432882 BCX0\">Geolink<\/span><span class=\"NormalTextRun SCXW29432882 BCX0\"> Expansion has been connecting and supporting regions and private entrepreneurs to promote their economic development and generate lasting positive impacts. Growing steadily since its creation, the group guides more than 10,000 business driven projects each year to <\/span><span class=\"NormalTextRun SCXW29432882 BCX0\">establish<\/span><span class=\"NormalTextRun SCXW29432882 BCX0\">, innovate and experiment in more than 80 urban and rural areas.<\/span><\/span><\/p>\n<p style=\"text-align: left\"><a class=\"lightbluebutton\" href=\"https:\/\/geolink-expansion.com\/\" target=\"_blank\" rel=\"noopener\">Learn more<\/a><\/p>\n    <\/div>\n    <\/div>\n   <\/div>\n   <div class=\"col-12 col-sm-5 order-1 order-sm-2 colonne colonne2 colonne2_6347e5306e1dd\">\n   <\/div>\n  <\/div>\n\n <\/div>\n<\/div>\n\n\n<div id=\"field_6347feb501a3c\" class=\"container-fluid px-0 flexible_section block_adaptativetextandimage\">\n <div id=\"field_6347feb501a3c_inner\" class=\"container flexible_section_inner\">\n\n   <div class=\"row no-gutters flexible_section_content adaptativeimage  bordertopjaune bordertopjaune\" id=\"textimagebanner_6347feb501a3c\">\n\n   <div class=\"col-12 col-sm-7 order-2 order-sm-2 colonne colonne1 colonne1_6347feb501a3c\">\n    <div class=\"colonne_inner text-left d-flex align-items-center justify-content-start\">\n    <div class=\"colonne_inner_sub\">\n<h3><span class=\"TextRun SCXW14839988 BCX0\" lang=\"EN-GB\" xml:lang=\"EN-GB\"><span class=\"NormalTextRun SCXW14839988 BCX0\">Promoting<\/span><span class=\"NormalTextRun SCXW14839988 BCX0\"> local<\/span> <span class=\"NormalTextRun SCXW14839988 BCX0\">life<\/span><\/span><\/h3>\n<p><span class=\"TextRun SCXW51761115 BCX0\" lang=\"EN-GB\" xml:lang=\"EN-GB\"><span class=\"NormalTextRun SCXW51761115 BCX0\">Simple Maps is an app that lets you rediscover the rich cultural and natural heritage of a region as well as the <\/span><span class=\"NormalTextRun SCXW51761115 BCX0\">know-how<\/span><span class=\"NormalTextRun SCXW51761115 BCX0\"> and products of local craftsmen, <\/span><span class=\"NormalTextRun SCXW51761115 BCX0\">shopkeepers<\/span><span class=\"NormalTextRun SCXW51761115 BCX0\"> and producers. It lists local players to <\/span><span class=\"NormalTextRun SCXW51761115 BCX0\">help you give new meaning to a sustainable and responsible approach to consumption<\/span> <span class=\"NormalTextRun SCXW51761115 BCX0\">and gives you the chance to get involved as a true citizen.<\/span><\/span><\/p>\n<p style=\"text-align: left\"><a class=\"lightbluebutton\" href=\"https:\/\/www.simplemaps.fr\/a-propos\/\" target=\"_blank\" rel=\"noopener\">Learn more<\/a><\/p>\n    <\/div>\n    <\/div>\n   <\/div>\n   <div class=\"col-12 col-sm-5 order-1 order-sm-1 colonne colonne2 colonne2_6347feb501a3c\">\n   <\/div>\n  <\/div>\n\n <\/div>\n<\/div>\n\n\n<div id=\"field_634800464e664\" class=\"container-fluid px-0 flexible_section block_adaptativetextandimage\">\n <div id=\"field_634800464e664_inner\" class=\"container flexible_section_inner\">\n\n   <div class=\"row no-gutters flexible_section_content adaptativeimage  bordertopbleu bordertopbleu\" id=\"textimagebanner_634800464e664\">\n\n   <div class=\"col-12 col-sm-7 order-2 order-sm-1 colonne colonne1 colonne1_634800464e664\">\n    <div class=\"colonne_inner text-left d-flex align-items-center justify-content-start\">\n    <div class=\"colonne_inner_sub\">\n<h3><span class=\"TextRun SCXW5018555 BCX0\" lang=\"EN-GB\" xml:lang=\"EN-GB\"><span class=\"NormalTextRun SCXW5018555 BCX0\">Training youths in priority urban neighbourhoods<\/span><\/span><\/h3>\n<p><span class=\"TextRun SCXW45235136 BCX0\" lang=\"EN-GB\" xml:lang=\"EN-GB\"><span class=\"NormalTextRun SCXW45235136 BCX0\">In priority urban neighbourhoods, many young people find themselves without a job, <\/span><span class=\"NormalTextRun SCXW45235136 BCX0\">an <\/span><span class=\"NormalTextRun SCXW45235136 BCX0\">education<\/span><span class=\"NormalTextRun SCXW45235136 BCX0\">,<\/span><span class=\"NormalTextRun SCXW45235136 BCX0\"> or<\/span><span class=\"NormalTextRun SCXW45235136 BCX0\"> some sort of<\/span><span class=\"NormalTextRun SCXW45235136 BCX0\"> training because they cannot adapt to the school system. <\/span><span class=\"NormalTextRun SCXW45235136 BCX0\">That&#8217;s<\/span><span class=\"NormalTextRun SCXW45235136 BCX0\"> why <\/span><span class=\"NormalTextRun SCXW45235136 BCX0\">we&#8217;ve<\/span><span class=\"NormalTextRun SCXW45235136 BCX0\"> decided to launch <\/span><span class=\"NormalTextRun SpellingErrorV2Themed SCXW45235136 BCX0\">Pr\u00e9pApp<\/span><span class=\"NormalTextRun SCXW45235136 BCX0\">, a first step towards a return to the world of education and work. <\/span><span class=\"NormalTextRun SCXW45235136 BCX0\">This programme is f<\/span><span class=\"NormalTextRun SCXW45235136 BCX0\">ree of charge<\/span><span class=\"NormalTextRun SCXW45235136 BCX0\">,<\/span> <span class=\"NormalTextRun SCXW45235136 BCX0\">located<\/span><span class=\"NormalTextRun SCXW45235136 BCX0\"> as close as possible to the neighbourhoods<\/span><span class=\"NormalTextRun SCXW45235136 BCX0\"> and <\/span><span class=\"NormalTextRun SCXW45235136 BCX0\">introduces young people to the <\/span><span class=\"NormalTextRun SCXW45235136 BCX0\">work<\/span><span class=\"NormalTextRun SCXW45235136 BCX0\"> of nursing <\/span><span class=\"NormalTextRun SCXW45235136 BCX0\">assistant<\/span><span class=\"NormalTextRun SCXW45235136 BCX0\"> or social worker, with the aim of giving them the opportunity to <\/span><span class=\"NormalTextRun SCXW45235136 BCX0\">get a block release contract<\/span><span class=\"NormalTextRun SCXW45235136 BCX0\">.<\/span><\/span><\/p>\n<p style=\"text-align: left\"><a class=\"lightbluebutton\" href=\"https:\/\/www.formation-prepapp.org\/\" target=\"_blank\" rel=\"noopener\">Learn more<\/a><\/p>\n    <\/div>\n    <\/div>\n   <\/div>\n   <div class=\"col-12 col-sm-5 order-1 order-sm-2 colonne colonne2 colonne2_634800464e664\">\n   <\/div>\n  <\/div>\n\n <\/div>\n<\/div>\n\n\n<div id=\"field_634801bfde06f\" class=\"container-fluid px-0 flexible_section block_adaptativetextandimage\">\n <div id=\"field_634801bfde06f_inner\" class=\"container flexible_section_inner\">\n\n   <div class=\"row no-gutters flexible_section_content adaptativeimage  bordertoprouge bordertoprouge\" id=\"textimagebanner_634801bfde06f\">\n\n   <div class=\"col-12 col-sm-7 order-2 order-sm-2 colonne colonne1 colonne1_634801bfde06f\">\n    <div class=\"colonne_inner text-left d-flex align-items-center justify-content-start\">\n    <div class=\"colonne_inner_sub\">\n<h3><span class=\"TextRun SCXW32900696 BCX0\" lang=\"EN-GB\" xml:lang=\"EN-GB\"><span class=\"NormalTextRun SCXW32900696 BCX0\">Boosting citizen involvement in local life<\/span><\/span><\/h3>\n<p><span class=\"TextRun SCXW242038332 BCX0\" lang=\"EN-GB\" xml:lang=\"EN-GB\"><span class=\"NormalTextRun SpellingErrorV2Themed SCXW242038332 BCX0\">Hacktiv<\/span><span class=\"NormalTextRun SCXW242038332 BCX0\"> develops platforms in partnership with local communities that want to promote citizen involvement and give everyone the opportunity to <\/span><span class=\"NormalTextRun AdvancedProofingIssueV2Themed SCXW242038332 BCX0\">take action<\/span><span class=\"NormalTextRun SCXW242038332 BCX0\"> in their area. The white-label platforms developed by <\/span><span class=\"NormalTextRun SpellingErrorV2Themed SCXW242038332 BCX0\">Hacktiv<\/span><span class=\"NormalTextRun SCXW242038332 BCX0\"> bring together local players, strengthen participatory <\/span><span class=\"NormalTextRun SCXW242038332 BCX0\">democracy,<\/span><span class=\"NormalTextRun SCXW242038332 BCX0\"> and enable the co-construction of local communities.<\/span><\/span><\/p>\n<p style=\"text-align: left\"><a class=\"lightbluebutton\" href=\"https:\/\/hacktiv.org\/\" target=\"_blank\" rel=\"noopener\">Learn more<\/a><\/p>\n    <\/div>\n    <\/div>\n   <\/div>\n   <div class=\"col-12 col-sm-5 order-1 order-sm-1 colonne colonne2 colonne2_634801bfde06f\">\n   <\/div>\n  <\/div>\n\n <\/div>\n<\/div>\n\n\n<div id=\"field_63480739e0766\" class=\"container-fluid px-0 flexible_section block_adaptativetextandimage\">\n <div id=\"field_63480739e0766_inner\" class=\"container flexible_section_inner\">\n\n   <div class=\"row no-gutters flexible_section_content adaptativeimage  bordertopvert bordertopvert\" id=\"textimagebanner_63480739e0766\">\n\n   <div class=\"col-12 col-sm-7 order-2 order-sm-1 colonne colonne1 colonne1_63480739e0766\">\n    <div class=\"colonne_inner text-left d-flex align-items-center justify-content-start\">\n    <div class=\"colonne_inner_sub\">\n<h3><span class=\"TextRun SCXW22912392 BCX0\" lang=\"EN-GB\" xml:lang=\"EN-GB\"><span class=\"NormalTextRun SCXW22912392 BCX0\">Reopening vacant shops<\/span><\/span><\/h3>\n<p><span class=\"TextRun SCXW225463233 BCX0\" lang=\"EN-GB\" xml:lang=\"EN-GB\"><span class=\"NormalTextRun SCXW225463233 BCX0\">In partnership with Le Bon Coin, Auxilia consulting is organising a business start-up contest with the aim of revivifying <\/span><span class=\"NormalTextRun ContextualSpellingAndGrammarErrorV2Themed SCXW225463233 BCX0\">small town<\/span><span class=\"NormalTextRun SCXW225463233 BCX0\"> centres: &#8220;Mon centre-bourg a un <\/span><span class=\"NormalTextRun SpellingErrorV2Themed SCXW225463233 BCX0\">incroyable<\/span><span class=\"NormalTextRun SCXW225463233 BCX0\"> commerce&#8221; (&#8220;My town centre has an amazing business&#8221;). It places town centre shops and crafts, especially independent businesses, at the heart of local economic development. The programme encourages entrepreneurs to test their concept during a 36-hour creative marathon, and brings together local public and private players, owners of vacant premises and residents.<\/span><\/span><\/p>\n<p style=\"text-align: left\"><a class=\"lightbluebutton\" href=\"https:\/\/incroyablecentrebourg.fr\/\" target=\"_blank\" rel=\"noopener\">Learn more<\/a><\/p>\n    <\/div>\n    <\/div>\n   <\/div>\n   <div class=\"col-12 col-sm-5 order-1 order-sm-2 colonne colonne2 colonne2_63480739e0766\">\n   <\/div>\n  <\/div>\n\n <\/div>\n<\/div>\n\n\n<div id=\"field_6348088723d8b\" class=\"container-fluid px-0 flexible_section block_adaptativetextandimage\">\n <div id=\"field_6348088723d8b_inner\" class=\"container flexible_section_inner\">\n\n   <div class=\"row no-gutters flexible_section_content adaptativeimage  bordertopjaune bordertopjaune\" id=\"textimagebanner_6348088723d8b\">\n\n   <div class=\"col-12 col-sm-7 order-2 order-sm-2 colonne colonne1 colonne1_6348088723d8b\">\n    <div class=\"colonne_inner text-left d-flex align-items-center justify-content-start\">\n    <div class=\"colonne_inner_sub\">\n<h3><span class=\"TextRun SCXW114238648 BCX0\" lang=\"EN-GB\" xml:lang=\"EN-GB\"><span class=\"NormalTextRun SCXW114238648 BCX0\">Promoting social and <\/span><span class=\"NormalTextRun SCXW114238648 BCX0\">work<\/span><span class=\"NormalTextRun SCXW114238648 BCX0\"> integration through inclusive transport<\/span><\/span><\/h3>\n<p><span class=\"TextRun SCXW189546268 BCX0\" lang=\"EN-GB\" xml:lang=\"EN-GB\"><span class=\"NormalTextRun SCXW189546268 BCX0\">43% of French people are still struggling to get around due to a lack of transport. <\/span><span class=\"NormalTextRun SpellingErrorV2Themed SCXW189546268 BCX0\">Wimoov<\/span><span class=\"NormalTextRun SCXW189546268 BCX0\"> enables the co-construction of local solutions by developing transport platforms as close as possible to the needs of residents, including in rural areas. Acting as an interface for all <\/span><span class=\"NormalTextRun SCXW189546268 BCX0\">local<\/span><span class=\"NormalTextRun SCXW189546268 BCX0\"> transport services, these platforms provide support to more than 11,000 people a year, including people in work integration schemes, people with disabilities and senior citizens.<\/span><\/span><\/p>\n<p style=\"text-align: left\"><a class=\"lightbluebutton\" href=\"https:\/\/wimoov.org\/\" target=\"_blank\" rel=\"noopener\">Learn more<\/a><\/p>\n    <\/div>\n    <\/div>\n   <\/div>\n   <div class=\"col-12 col-sm-5 order-1 order-sm-1 colonne colonne2 colonne2_6348088723d8b\">\n   <\/div>\n  <\/div>\n\n <\/div>\n<\/div>\n\n\n<div id=\"field_634809a7cca15\" class=\"container-fluid px-0 flexible_section block_adaptativetextandimage\">\n <div id=\"field_634809a7cca15_inner\" class=\"container flexible_section_inner\">\n\n   <div class=\"row no-gutters flexible_section_content adaptativeimage  bordertopbleu bordertopbleu\" id=\"textimagebanner_634809a7cca15\">\n\n   <div class=\"col-12 col-sm-7 order-2 order-sm-1 colonne colonne1 colonne1_634809a7cca15\">\n    <div class=\"colonne_inner text-left d-flex align-items-center justify-content-start\">\n    <div class=\"colonne_inner_sub\">\n<h3><span>The elderly: staying at home and in their own area<\/span><span>\u00a0<\/span><\/h3>\n<p><span>In rural and coastal areas, the Observatoire des Territoires (Regional Observatory) reports a proportionally older population than in other regions. Yet a large majority of these people want to be able to stay in their own village and home, both sometimes isolated and ill-suited to a loss of independence. Groupe SOS Seniors manages 111 facilities and services, including 70 nursing homes (EHPAD) and 10 independent living residences (R\u00e9sidences Autonomie) and retirement homes (MARPA), and is also developing inclusive housing solutions for the social housing stock in cooperation with landlords.<\/span><span>\u00a0<\/span><\/p>\n<p style=\"text-align: left\"><a class=\"lightbluebutton\" href=\"https:\/\/www.groupesos-seniors.org\/\" target=\"_blank\" rel=\"noopener\">Learn more<\/a><\/p>\n    <\/div>\n    <\/div>\n   <\/div>\n   <div class=\"col-12 col-sm-5 order-1 order-sm-2 colonne colonne2 colonne2_634809a7cca15\">\n   <\/div>\n  <\/div>\n\n <\/div>\n<\/div>\n\n\n<div id=\"field_63480b2d912b6\" class=\"container-fluid px-0 flexible_section block_adaptativetextandimage\">\n <div id=\"field_63480b2d912b6_inner\" class=\"container flexible_section_inner\">\n\n   <div class=\"row no-gutters flexible_section_content adaptativeimage  bordertoprouge bordertoprouge\" id=\"textimagebanner_63480b2d912b6\">\n\n   <div class=\"col-12 col-sm-7 order-2 order-sm-1 colonne colonne1 colonne1_63480b2d912b6\">\n    <div class=\"colonne_inner text-left d-flex align-items-center justify-content-start\">\n    <div class=\"colonne_inner_sub\">\n<h3><span>Promoting access to quality healthcare for all<\/span><\/h3>\n<p><span>It is becoming increasingly difficult for people of rural areas to access healthcare because of a chronic lack of GPs.<\/span><span>\u00a0<\/span><\/p>\n<p><b><span>Mobilising hospitals to better meet local needs<\/span><\/b><span>\u00a0<\/span><\/p>\n<p><span>To provide access to GPs outside and around the hospital, the Le Creusot Hospital (Sa\u00f4ne-et-Loire) is offering a number of medical posts alternating between in-hospital and out-of-hospital practice. This means that several hospital doctors devote 3 days a week to community medicine. This arrangement could be extended to other hospitals and health facilities.<\/span><span>\u00a0<\/span><\/p>\n<p><span>In addition, Ch\u00e2teau-Salins Hospital (Moselle), which is in the process of obtaining the &#8220;local hospital&#8221; label, is setting up:<\/span><span>\u00a0<\/span><span>\u00a0<\/span><\/p>\n<ul>\n<li><span>A health centre within the hospital, managed by the hospital, allowing independent doctors to access an imaging centre and specialist consultations.<\/span><span>\u00a0<\/span><\/li>\n<li><span>Setting up admission channels with several nursing homes.<\/span><span>\u00a0<\/span><\/li>\n<li><span>Working with the local health professional community (CPTS) to roll out shared projects between local and hospital medicine: for instance, this has led to the opening of a Covid vaccination centre within the hospital.<\/span><span>\u00a0<\/span><\/li>\n<li><span>Opening rehabilitation rooms to out-of-hospital patients, for instance for prescription sports.<\/span><span>\u00a0<\/span><\/li>\n<\/ul>\n<p>&nbsp;<\/p>\n    <\/div>\n    <\/div>\n   <\/div>\n   <div class=\"col-12 col-sm-5 order-1 order-sm-2 colonne colonne2 colonne2_63480b2d912b6\">\n   <\/div>\n  <\/div>\n\n <\/div>\n<\/div>\n\n\n<div id=\"field_634810929f76b\" class=\"container-fluid px-0 flexible_section block_adaptativetextandimage\">\n <div id=\"field_634810929f76b_inner\" class=\"container flexible_section_inner\">\n\n   <div class=\"row no-gutters flexible_section_content adaptativeimage \" id=\"textimagebanner_634810929f76b\">\n\n   <div class=\"col-12 col-sm-7 order-2 order-sm-2 colonne colonne1 colonne1_634810929f76b\">\n    <div class=\"colonne_inner text-left d-flex align-items-center justify-content-start\">\n    <div class=\"colonne_inner_sub\">\n<p><b><span>Mobilising multi-professional teams to reach out to local residents in the PACA region<\/span><\/b><\/p>\n<p><span>In a region marked by sharp contrasts between high living standards and extreme poverty, and by the divide between coastal areas and the hinterland, Groupe SOS Solidarit\u00e9s coordinates:<\/span><span>\u00a0<\/span><\/p>\n<ul>\n<li><span>A multi-professional mobile team to carry out medical-social interventions to reduce the risks associated with excessive drug use, in conjunction with local partner structures (health centres, regional support platforms, independent health professionals, the police, etc.).<\/span><span>\u00a0<\/span><\/li>\n<li><span>Outreach to people in vulnerable situations who do not have access to institutional or non-profit support services, due to lack of information, the digital divide, geographical isolation, etc.<\/span><span>\u00a0<\/span><\/li>\n<\/ul>\n    <\/div>\n    <\/div>\n   <\/div>\n   <div class=\"col-12 col-sm-5 order-1 order-sm-1 colonne colonne2 colonne2_634810929f76b\">\n   <\/div>\n  <\/div>\n\n <\/div>\n<\/div>\n\n\n\n<p><\/p>\n","protected":false},"excerpt":{"rendered":"<p>Granting access to local services, fostering social cohesion, encouraging civic involvement: our ambition is to build solutions to develop and improve local life. We are committed to helping bridge the regional divide and are especially mindful of rural areas and priority neighbourhoods. <\/p>\n","protected":false},"author":1,"featured_media":0,"parent":179725,"menu_order":309,"comment_status":"closed","ping_status":"closed","template":"page-templates\/page-poles.php","meta":{"_acf_changed":false,"footnotes":""},"secteur":[],"class_list":["post-179737","page","type-page","status-publish","hentry"],"acf":[],"yoast_head":"<!-- This site is optimized with the Yoast SEO plugin v27.4 - https:\/\/yoast.com\/product\/yoast-seo-wordpress\/ -->\n<title>Revivifying forgotten regions - Groupe SOS<\/title>\n<meta name=\"description\" content=\"Granting access to local services, fostering social cohesion, encouraging civic involvement: our ambition is to build solutions to develop and improve local life. We are committed to helping bridge the regional divide and are especially mindful of rural areas and priority neighbourhoods.\" \/>\n<meta name=\"robots\" content=\"index, follow, max-snippet:-1, max-image-preview:large, max-video-preview:-1\" \/>\n<link rel=\"canonical\" href=\"https:\/\/www.groupe-sos.org\/en\/les-territoires\/revitalisation-des-territoires\/revitalisation-des-territoires-oublies\/\" \/>\n<meta property=\"og:locale\" content=\"en_US\" \/>\n<meta property=\"og:type\" content=\"article\" \/>\n<meta property=\"og:title\" content=\"Revivifying forgotten regions - Groupe SOS\" \/>\n<meta property=\"og:description\" content=\"Granting access to local services, fostering social cohesion, encouraging civic involvement: our ambition is to build solutions to develop and improve local life. We are committed to helping bridge the regional divide and are especially mindful of rural areas and priority neighbourhoods.\" \/>\n<meta property=\"og:url\" content=\"https:\/\/www.groupe-sos.org\/en\/les-territoires\/revitalisation-des-territoires\/revitalisation-des-territoires-oublies\/\" \/>\n<meta property=\"og:site_name\" content=\"Groupe SOS\" \/>\n<meta property=\"article:publisher\" content=\"https:\/\/www.facebook.com\/GroupeSOS\/\" \/>\n<meta property=\"article:modified_time\" content=\"2023-08-17T07:24:47+00:00\" \/>\n<meta name=\"twitter:card\" content=\"summary_large_image\" \/>\n<meta name=\"twitter:site\" content=\"@groupesos\" \/>\n<script type=\"application\/ld+json\" class=\"yoast-schema-graph\">{\"@context\":\"https:\\\/\\\/schema.org\",\"@graph\":[{\"@type\":\"WebPage\",\"@id\":\"https:\\\/\\\/www.groupe-sos.org\\\/en\\\/les-territoires\\\/revitalisation-des-territoires\\\/revitalisation-des-territoires-oublies\\\/\",\"url\":\"https:\\\/\\\/www.groupe-sos.org\\\/en\\\/les-territoires\\\/revitalisation-des-territoires\\\/revitalisation-des-territoires-oublies\\\/\",\"name\":\"Revivifying forgotten regions - Groupe SOS\",\"isPartOf\":{\"@id\":\"https:\\\/\\\/www.groupe-sos.org\\\/en\\\/#website\"},\"datePublished\":\"2022-09-22T07:27:16+00:00\",\"dateModified\":\"2023-08-17T07:24:47+00:00\",\"description\":\"Granting access to local services, fostering social cohesion, encouraging civic involvement: our ambition is to build solutions to develop and improve local life. We are committed to helping bridge the regional divide and are especially mindful of rural areas and priority neighbourhoods.\",\"breadcrumb\":{\"@id\":\"https:\\\/\\\/www.groupe-sos.org\\\/en\\\/les-territoires\\\/revitalisation-des-territoires\\\/revitalisation-des-territoires-oublies\\\/#breadcrumb\"},\"inLanguage\":\"en-US\",\"potentialAction\":[{\"@type\":\"ReadAction\",\"target\":[\"https:\\\/\\\/www.groupe-sos.org\\\/en\\\/les-territoires\\\/revitalisation-des-territoires\\\/revitalisation-des-territoires-oublies\\\/\"]}]},{\"@type\":\"BreadcrumbList\",\"@id\":\"https:\\\/\\\/www.groupe-sos.org\\\/en\\\/les-territoires\\\/revitalisation-des-territoires\\\/revitalisation-des-territoires-oublies\\\/#breadcrumb\",\"itemListElement\":[{\"@type\":\"ListItem\",\"position\":1,\"name\":\"Home\",\"item\":\"https:\\\/\\\/www.groupe-sos.org\\\/en\\\/\"},{\"@type\":\"ListItem\",\"position\":2,\"name\":\"For regions\",\"item\":\"https:\\\/\\\/www.groupe-sos.org\\\/en\\\/les-territoires\\\/\"},{\"@type\":\"ListItem\",\"position\":3,\"name\":\"Revivifying regions\",\"item\":\"https:\\\/\\\/www.groupe-sos.org\\\/en\\\/les-territoires\\\/revitalisation-des-territoires\\\/\"},{\"@type\":\"ListItem\",\"position\":4,\"name\":\"Revivifying forgotten regions\"}]},{\"@type\":\"WebSite\",\"@id\":\"https:\\\/\\\/www.groupe-sos.org\\\/en\\\/#website\",\"url\":\"https:\\\/\\\/www.groupe-sos.org\\\/en\\\/\",\"name\":\"Groupe SOS Entreprendre au profit de tous\",\"description\":\"Entreprendre au profit de tous\",\"publisher\":{\"@id\":\"https:\\\/\\\/www.groupe-sos.org\\\/en\\\/#organization\"},\"alternateName\":\"Groupe SOS\",\"potentialAction\":[{\"@type\":\"SearchAction\",\"target\":{\"@type\":\"EntryPoint\",\"urlTemplate\":\"https:\\\/\\\/www.groupe-sos.org\\\/en\\\/?s={search_term_string}\"},\"query-input\":{\"@type\":\"PropertyValueSpecification\",\"valueRequired\":true,\"valueName\":\"search_term_string\"}}],\"inLanguage\":\"en-US\"},{\"@type\":\"Organization\",\"@id\":\"https:\\\/\\\/www.groupe-sos.org\\\/en\\\/#organization\",\"name\":\"Groupe SOS\",\"alternateName\":\"Entreprendre au profit de tous\",\"url\":\"https:\\\/\\\/www.groupe-sos.org\\\/en\\\/\",\"logo\":{\"@type\":\"ImageObject\",\"inLanguage\":\"en-US\",\"@id\":\"https:\\\/\\\/www.groupe-sos.org\\\/en\\\/#\\\/schema\\\/logo\\\/image\\\/\",\"url\":\"https:\\\/\\\/www.groupe-sos.org\\\/wp-content\\\/uploads\\\/2022\\\/06\\\/groupe-sos-logo-1.png\",\"contentUrl\":\"https:\\\/\\\/www.groupe-sos.org\\\/wp-content\\\/uploads\\\/2022\\\/06\\\/groupe-sos-logo-1.png\",\"width\":300,\"height\":60,\"caption\":\"Groupe SOS\"},\"image\":{\"@id\":\"https:\\\/\\\/www.groupe-sos.org\\\/en\\\/#\\\/schema\\\/logo\\\/image\\\/\"},\"sameAs\":[\"https:\\\/\\\/www.facebook.com\\\/GroupeSOS\\\/\",\"https:\\\/\\\/x.com\\\/groupesos\",\"https:\\\/\\\/www.instagram.com\\\/groupe_sos\\\/\",\"https:\\\/\\\/www.linkedin.com\\\/company\\\/groupe-sos\\\/?originalSubdomain=fr\"]}]}<\/script>\n<!-- \/ Yoast SEO plugin. -->","yoast_head_json":{"title":"Revivifying forgotten regions - Groupe SOS","description":"Granting access to local services, fostering social cohesion, encouraging civic involvement: our ambition is to build solutions to develop and improve local life. We are committed to helping bridge the regional divide and are especially mindful of rural areas and priority neighbourhoods.","robots":{"index":"index","follow":"follow","max-snippet":"max-snippet:-1","max-image-preview":"max-image-preview:large","max-video-preview":"max-video-preview:-1"},"canonical":"https:\/\/www.groupe-sos.org\/en\/les-territoires\/revitalisation-des-territoires\/revitalisation-des-territoires-oublies\/","og_locale":"en_US","og_type":"article","og_title":"Revivifying forgotten regions - Groupe SOS","og_description":"Granting access to local services, fostering social cohesion, encouraging civic involvement: our ambition is to build solutions to develop and improve local life. We are committed to helping bridge the regional divide and are especially mindful of rural areas and priority neighbourhoods.","og_url":"https:\/\/www.groupe-sos.org\/en\/les-territoires\/revitalisation-des-territoires\/revitalisation-des-territoires-oublies\/","og_site_name":"Groupe SOS","article_publisher":"https:\/\/www.facebook.com\/GroupeSOS\/","article_modified_time":"2023-08-17T07:24:47+00:00","twitter_card":"summary_large_image","twitter_site":"@groupesos","schema":{"@context":"https:\/\/schema.org","@graph":[{"@type":"WebPage","@id":"https:\/\/www.groupe-sos.org\/en\/les-territoires\/revitalisation-des-territoires\/revitalisation-des-territoires-oublies\/","url":"https:\/\/www.groupe-sos.org\/en\/les-territoires\/revitalisation-des-territoires\/revitalisation-des-territoires-oublies\/","name":"Revivifying forgotten regions - Groupe SOS","isPartOf":{"@id":"https:\/\/www.groupe-sos.org\/en\/#website"},"datePublished":"2022-09-22T07:27:16+00:00","dateModified":"2023-08-17T07:24:47+00:00","description":"Granting access to local services, fostering social cohesion, encouraging civic involvement: our ambition is to build solutions to develop and improve local life. We are committed to helping bridge the regional divide and are especially mindful of rural areas and priority neighbourhoods.","breadcrumb":{"@id":"https:\/\/www.groupe-sos.org\/en\/les-territoires\/revitalisation-des-territoires\/revitalisation-des-territoires-oublies\/#breadcrumb"},"inLanguage":"en-US","potentialAction":[{"@type":"ReadAction","target":["https:\/\/www.groupe-sos.org\/en\/les-territoires\/revitalisation-des-territoires\/revitalisation-des-territoires-oublies\/"]}]},{"@type":"BreadcrumbList","@id":"https:\/\/www.groupe-sos.org\/en\/les-territoires\/revitalisation-des-territoires\/revitalisation-des-territoires-oublies\/#breadcrumb","itemListElement":[{"@type":"ListItem","position":1,"name":"Home","item":"https:\/\/www.groupe-sos.org\/en\/"},{"@type":"ListItem","position":2,"name":"For regions","item":"https:\/\/www.groupe-sos.org\/en\/les-territoires\/"},{"@type":"ListItem","position":3,"name":"Revivifying regions","item":"https:\/\/www.groupe-sos.org\/en\/les-territoires\/revitalisation-des-territoires\/"},{"@type":"ListItem","position":4,"name":"Revivifying forgotten regions"}]},{"@type":"WebSite","@id":"https:\/\/www.groupe-sos.org\/en\/#website","url":"https:\/\/www.groupe-sos.org\/en\/","name":"Groupe SOS Entreprendre au profit de tous","description":"Entreprendre au profit de tous","publisher":{"@id":"https:\/\/www.groupe-sos.org\/en\/#organization"},"alternateName":"Groupe SOS","potentialAction":[{"@type":"SearchAction","target":{"@type":"EntryPoint","urlTemplate":"https:\/\/www.groupe-sos.org\/en\/?s={search_term_string}"},"query-input":{"@type":"PropertyValueSpecification","valueRequired":true,"valueName":"search_term_string"}}],"inLanguage":"en-US"},{"@type":"Organization","@id":"https:\/\/www.groupe-sos.org\/en\/#organization","name":"Groupe SOS","alternateName":"Entreprendre au profit de tous","url":"https:\/\/www.groupe-sos.org\/en\/","logo":{"@type":"ImageObject","inLanguage":"en-US","@id":"https:\/\/www.groupe-sos.org\/en\/#\/schema\/logo\/image\/","url":"https:\/\/www.groupe-sos.org\/wp-content\/uploads\/2022\/06\/groupe-sos-logo-1.png","contentUrl":"https:\/\/www.groupe-sos.org\/wp-content\/uploads\/2022\/06\/groupe-sos-logo-1.png","width":300,"height":60,"caption":"Groupe SOS"},"image":{"@id":"https:\/\/www.groupe-sos.org\/en\/#\/schema\/logo\/image\/"},"sameAs":["https:\/\/www.facebook.com\/GroupeSOS\/","https:\/\/x.com\/groupesos","https:\/\/www.instagram.com\/groupe_sos\/","https:\/\/www.linkedin.com\/company\/groupe-sos\/?originalSubdomain=fr"]}]}},"_links":{"self":[{"href":"https:\/\/www.groupe-sos.org\/en\/wp-json\/wp\/v2\/pages\/179737","targetHints":{"allow":["GET"]}}],"collection":[{"href":"https:\/\/www.groupe-sos.org\/en\/wp-json\/wp\/v2\/pages"}],"about":[{"href":"https:\/\/www.groupe-sos.org\/en\/wp-json\/wp\/v2\/types\/page"}],"author":[{"embeddable":true,"href":"https:\/\/www.groupe-sos.org\/en\/wp-json\/wp\/v2\/users\/1"}],"replies":[{"embeddable":true,"href":"https:\/\/www.groupe-sos.org\/en\/wp-json\/wp\/v2\/comments?post=179737"}],"version-history":[{"count":2,"href":"https:\/\/www.groupe-sos.org\/en\/wp-json\/wp\/v2\/pages\/179737\/revisions"}],"predecessor-version":[{"id":179740,"href":"https:\/\/www.groupe-sos.org\/en\/wp-json\/wp\/v2\/pages\/179737\/revisions\/179740"}],"up":[{"embeddable":true,"href":"https:\/\/www.groupe-sos.org\/en\/wp-json\/wp\/v2\/pages\/179725"}],"wp:attachment":[{"href":"https:\/\/www.groupe-sos.org\/en\/wp-json\/wp\/v2\/media?parent=179737"}],"wp:term":[{"taxonomy":"secteur","embeddable":true,"href":"https:\/\/www.groupe-sos.org\/en\/wp-json\/wp\/v2\/secteur?post=179737"}],"curies":[{"name":"wp","href":"https:\/\/api.w.org\/{rel}","templated":true}]}}